{"version":"1.0","provider_name":"World Vapers&#039; Alliance","provider_url":"https:\/\/worldvapersalliance.com\/fi","author_name":"World Vapers' Alliance","author_url":"https:\/\/worldvapersalliance.com\/fi\/author\/wva\/","title":"Protestan contra propuesta de AMLO que proh\u00edbe vapeadores - World Vapers&#039; Alliance","type":"rich","width":600,"height":338,"html":"<blockquote class=\"wp-embedded-content\" data-secret=\"tMPiYik5D3\"><a href=\"https:\/\/worldvapersalliance.com\/fi\/protestan-contra-propuesta-de-amlo-que-prohibe-vapeadores\/\">Protestan contra propuesta de AMLO que proh\u00edbe vapadores<\/a><\/blockquote><iframe sandbox=\"allow-scripts\" security=\"restricted\" src=\"https:\/\/worldvapersalliance.com\/fi\/protestan-contra-propuesta-de-amlo-que-prohibe-vapeadores\/embed\/#?secret=tMPiYik5D3\" width=\"600\" height=\"338\" title=\"\u201dProtestan contra propuesta de AMLO que proh\u00edbe vapadores\u201d \u2013 World Vapers&#039; Alliance\" data-secret=\"tMPiYik5D3\" frameborder=\"0\" marginwidth=\"0\" marginheight=\"0\" scrolling=\"no\" class=\"wp-embedded-content\"><\/iframe><script>\n\/*! This file is auto-generated *\/\n!function(d,l){\"use strict\";l.querySelector&&d.addEventListener&&\"undefined\"!=typeof URL&&(d.wp=d.wp||{},d.wp.receiveEmbedMessage||(d.wp.receiveEmbedMessage=function(e){var t=e.data;if((t||t.secret||t.message||t.value)&&!\/[^a-zA-Z0-9]\/.test(t.secret)){for(var s,r,n,a=l.querySelectorAll('iframe[data-secret=\"'+t.secret+'\"]'),o=l.querySelectorAll('blockquote[data-secret=\"'+t.secret+'\"]'),c=new RegExp(\"^https?:$\",\"i\"),i=0;i<o.length;i++)o[i].style.display=\"none\";for(i=0;i<a.length;i++)s=a[i],e.source===s.contentWindow&&(s.removeAttribute(\"style\"),\"height\"===t.message?(1e3<(r=parseInt(t.value,10))?r=1e3:~~r<200&&(r=200),s.height=r):\"link\"===t.message&&(r=new URL(s.getAttribute(\"src\")),n=new URL(t.value),c.test(n.protocol))&&n.host===r.host&&l.activeElement===s&&(d.top.location.href=t.value))}},d.addEventListener(\"message\",d.wp.receiveEmbedMessage,!1),l.addEventListener(\"DOMContentLoaded\",function(){for(var e,t,s=l.querySelectorAll(\"iframe.wp-embedded-content\"),r=0;r<s.length;r++)(t=(e=s[r]).getAttribute(\"data-secret\"))||(t=Math.random().toString(36).substring(2,12),e.src+=\"#?secret=\"+t,e.setAttribute(\"data-secret\",t)),e.contentWindow.postMessage({message:\"ready\",secret:t},\"*\")},!1)))}(window,document);\n\/\/# sourceURL=https:\/\/worldvapersalliance.com\/wp-includes\/js\/wp-embed.min.js\n<\/script>","thumbnail_url":"https:\/\/worldvapersalliance.com\/wp-content\/uploads\/2024\/04\/Forbes-Mexico.png","thumbnail_width":2081,"thumbnail_height":1920,"description":"Manifestantes en la C\u00e1mara de Diputados piden regularizar estos dispositivos electr\u00f3nicos porque, aseguran, son una alternativa para evitar el tabaco. Decenas de personas se manifestaron este martes en la C\u00e1mara de Diputados contra la reforma constitucional del presidente Andr\u00e9s Manuel L\u00f3pez Obrador que busca prohibir el uso de cigarros electr\u00f3nicos o vapeadores. \u201cLa intenci\u00f3n es [&hellip;]"}